{"id":2,"date":"2018-01-15T23:33:42","date_gmt":"2018-01-15T23:33:42","guid":{"rendered":"http:\/\/busborg.dk\/?page_id=2"},"modified":"2022-03-31T09:13:47","modified_gmt":"2022-03-31T09:13:47","slug":"about","status":"publish","type":"page","link":"https:\/\/busborg.dk\/?page_id=2","title":{"rendered":"Info"},"content":{"rendered":"\t\t<div data-elementor-type=\"wp-page\" data-elementor-id=\"2\" class=\"elementor elementor-2\">\n\t\t\t\t\t\t<div class=\"elementor-inner\">\n\t\t\t\t<div class=\"elementor-section-wrap\">\n\t\t\t\t\t\t\t\t\t<section class=\"elementor-section elementor-top-section elementor-element elementor-element-cde5e50 elementor-section-boxed elementor-section-height-default elementor-section-height-default\" data-id=\"cde5e50\" data-element_type=\"section\">\n\t\t\t\t\t\t<div class=\"elementor-container elementor-column-gap-default\">\n\t\t\t\t\t\t\t<div class=\"elementor-row\">\n\t\t\t\t\t<div class=\"elementor-column elementor-col-100 elementor-top-column elementor-element elementor-element-4aa9e724\" data-id=\"4aa9e724\" data-element_type=\"column\">\n\t\t\t<div class=\"elementor-column-wrap elementor-element-populated\">\n\t\t\t\t\t\t\t<div class=\"elementor-widget-wrap\">\n\t\t\t\t\t\t<div class=\"elementor-element elementor-element-5e59d253 elementor-widget elementor-widget-text-editor\" data-id=\"5e59d253\" data-element_type=\"widget\" data-widget_type=\"text-editor.default\">\n\t\t\t\t<div class=\"elementor-widget-container\">\n\t\t\t\t\t\t\t\t<div class=\"elementor-text-editor elementor-clearfix\">\n\t\t\t\t<p><img loading=\"lazy\" src=\"http:\/\/busborg.dk\/wp-content\/uploads\/2018\/01\/ham.jpg\" alt=\"ham\" width=\"2041\" height=\"350\" \/>Bag firmaet busborg.dk st\u00e5r den professionelle fotograf og redigeringstekniker Martin Busborg.<\/p><p>Martin Busborg har besk\u00e6ftiget sig med visuel kommunikation mere end 35 \u00e5r. Uddannet fagfotograf fra Medieskolen i Viborg.<\/p><p>Efteruddannelse fra bla. Kort- og dokumentarfilmskolen.<\/p><p>Ud over virksomheden har Martin Busborg tilknytning til Danmarks Medie- og Journalisth\u00f8jskole og til Center for Visuel kommunikation.\u00a0<span style=\"color: var( --e-global-color-text ); font-family: var( --e-global-typography-text-font-family ), Sans-serif;\">Desuden arbejder han som freelance -editor, -tekniker og kameramand for en r\u00e6kke virksomheder i \u00c5rhus og K\u00f8benhavn.<\/span><\/p><p><em style=\"color: var( --e-global-color-text ); font-family: var( --e-global-typography-text-font-family ), Sans-serif;\">\u201dDet er historien, der driver mig, historien i et Still billede eller i en video og oftes ligger den i detaljen. Samtidig er jeg teknisk interesseret og har en dyb respekt for de faglige dele af billedet som for eksempel lyset og komposition, det er som om at i det \u00f8jeblik der ligger et s\u00e6rligt lys i billedet, s\u00e5 g\u00e5r f\u00f8lelser og motiv i et og budskabet br\u00e6nder sig fast i hukommelsen\u201d<\/em><\/p><p>\/Martin Busborg, indehaver af Busborg.dk<\/p><p>\u00a0<\/p>\t\t\t\t\t<\/div>\n\t\t\t\t\t\t<\/div>\n\t\t\t\t<\/div>\n\t\t\t\t<section class=\"elementor-section elementor-inner-section elementor-element elementor-element-6621c55 elementor-section-boxed elementor-section-height-default elementor-section-height-default\" data-id=\"6621c55\" data-element_type=\"section\">\n\t\t\t\t\t\t<div class=\"elementor-container elementor-column-gap-default\">\n\t\t\t\t\t\t\t<div class=\"elementor-row\">\n\t\t\t\t\t<div class=\"elementor-column elementor-col-50 elementor-inner-column elementor-element elementor-element-a0fc1ee\" data-id=\"a0fc1ee\" data-element_type=\"column\">\n\t\t\t<div class=\"elementor-column-wrap elementor-element-populated\">\n\t\t\t\t\t\t\t<div class=\"elementor-widget-wrap\">\n\t\t\t\t\t\t<div class=\"elementor-element elementor-element-c5af4a0 elementor-align-center elementor-widget elementor-widget-button\" data-id=\"c5af4a0\" data-element_type=\"widget\" data-widget_type=\"button.default\">\n\t\t\t\t<div class=\"elementor-widget-container\">\n\t\t\t\t\t<div class=\"elementor-button-wrapper\">\n\t\t\t<a href=\"mailto:martin@busborg.dk\" class=\"elementor-button-link elementor-button elementor-size-md\" role=\"button\">\n\t\t\t\t\t\t<span class=\"elementor-button-content-wrapper\">\n\t\t\t\t\t\t\t<span class=\"elementor-button-icon elementor-align-icon-left\">\n\t\t\t\t<i aria-hidden=\"true\" class=\"far fa-envelope-open\"><\/i>\t\t\t<\/span>\n\t\t\t\t\t\t<span class=\"elementor-button-text\">Kontakt<\/span>\n\t\t<\/span>\n\t\t\t\t\t<\/a>\n\t\t<\/div>\n\t\t\t\t<\/div>\n\t\t\t\t<\/div>\n\t\t\t\t<div class=\"elementor-element elementor-element-11e12ef elementor-widget elementor-widget-heading\" data-id=\"11e12ef\" data-element_type=\"widget\" data-widget_type=\"heading.default\">\n\t\t\t\t<div class=\"elementor-widget-container\">\n\t\t\t<span class=\"elementor-heading-title elementor-size-default\">Busborg.dk | cvr.nr. 26816505 | Bundg\u00e5rdsvej 20 | 8450 Hammel | Denmark | Tele. +45 2380 0866 | martin@busborg.dk<\/span>\t\t<\/div>\n\t\t\t\t<\/div>\n\t\t\t\t\t\t<\/div>\n\t\t\t\t\t<\/div>\n\t\t<\/div>\n\t\t\t\t<div class=\"elementor-column elementor-col-50 elementor-inner-column elementor-element elementor-element-1f17a8f\" data-id=\"1f17a8f\" data-element_type=\"column\">\n\t\t\t<div class=\"elementor-column-wrap\">\n\t\t\t\t\t\t\t<div class=\"elementor-widget-wrap\">\n\t\t\t\t\t\t\t\t<\/div>\n\t\t\t\t\t<\/div>\n\t\t<\/div>\n\t\t\t\t\t\t\t\t<\/div>\n\t\t\t\t\t<\/div>\n\t\t<\/section>\n\t\t\t\t\t\t<\/div>\n\t\t\t\t\t<\/div>\n\t\t<\/div>\n\t\t\t\t\t\t\t\t<\/div>\n\t\t\t\t\t<\/div>\n\t\t<\/section>\n\t\t\t\t\t\t\t\t\t<\/div>\n\t\t\t<\/div>\n\t\t\t\t\t<\/div>\n\t\t","protected":false},"excerpt":{"rendered":"<p>Bag firmaet busborg.dk st\u00e5r den professionelle fotograf og redigeringstekniker Martin Busborg. Martin Busborg har besk\u00e6ftiget sig med visuel kommunikation mere end 35 \u00e5r. Uddannet fagfotograf fra Medieskolen i Viborg. Efteruddannelse fra bla. Kort- og dokumentarfilmskolen. Ud over virksomheden har Martin Busborg tilknytning til Danmarks Medie- og Journalisth\u00f8jskole og til Center for Visuel kommunikation.\u00a0Desuden arbejder han [&hellip;]<\/p>\n","protected":false},"author":1,"featured_media":0,"parent":0,"menu_order":0,"comment_status":"closed","ping_status":"closed","template":"elementor_header_footer","meta":[],"_links":{"self":[{"href":"https:\/\/busborg.dk\/index.php?rest_route=\/wp\/v2\/pages\/2"}],"collection":[{"href":"https:\/\/busborg.dk\/index.php?rest_route=\/wp\/v2\/pages"}],"about":[{"href":"https:\/\/busborg.dk\/index.php?rest_route=\/wp\/v2\/types\/page"}],"author":[{"embeddable":true,"href":"https:\/\/busborg.dk\/index.php?rest_route=\/wp\/v2\/users\/1"}],"replies":[{"embeddable":true,"href":"https:\/\/busborg.dk\/index.php?rest_route=%2Fwp%2Fv2%2Fcomments&post=2"}],"version-history":[{"count":86,"href":"https:\/\/busborg.dk\/index.php?rest_route=\/wp\/v2\/pages\/2\/revisions"}],"predecessor-version":[{"id":3513,"href":"https:\/\/busborg.dk\/index.php?rest_route=\/wp\/v2\/pages\/2\/revisions\/3513"}],"wp:attachment":[{"href":"https:\/\/busborg.dk\/index.php?rest_route=%2Fwp%2Fv2%2Fmedia&parent=2"}],"curies":[{"name":"wp","href":"https:\/\/api.w.org\/{rel}","templated":true}]}}